{"id":1061,"date":"2025-07-04T15:37:00","date_gmt":"2025-07-04T15:37:00","guid":{"rendered":"https:\/\/somos6.site\/feel-arch\/?page_id=1061"},"modified":"2026-01-09T14:52:24","modified_gmt":"2026-01-09T14:52:24","slug":"contact","status":"publish","type":"page","link":"https:\/\/feelarch.design\/en\/contact\/","title":{"rendered":"Contact"},"content":{"rendered":"\t\t<div data-elementor-type=\"wp-page\" data-elementor-id=\"1061\" class=\"elementor elementor-1061\" data-elementor-post-type=\"page\">\n\t\t\t\t<div class=\"elementor-element elementor-element-2c86fce e-flex e-con-boxed e-con e-parent\" data-id=\"2c86fce\" data-element_type=\"container\" data-e-type=\"container\" data-settings=\"{&quot;background_background&quot;:&quot;classic&quot;}\">\n\t\t\t\t\t<div class=\"e-con-inner\">\n\t\t\t\t<div class=\"elementor-element elementor-element-b07d9bb elementor-widget elementor-widget-heading\" data-id=\"b07d9bb\" data-element_type=\"widget\" data-e-type=\"widget\" data-widget_type=\"heading.default\">\n\t\t\t\t<div class=\"elementor-widget-container\">\n\t\t\t\t\t<p class=\"elementor-heading-title elementor-size-default\">Contacto<\/p>\t\t\t\t<\/div>\n\t\t\t\t<\/div>\n\t\t\t\t\t<\/div>\n\t\t\t\t<\/div>\n\t\t<div class=\"elementor-element elementor-element-3d445b7 e-flex e-con-boxed e-con e-parent\" data-id=\"3d445b7\" data-element_type=\"container\" data-e-type=\"container\">\n\t\t\t\t\t<div class=\"e-con-inner\">\n\t\t\t\t<div class=\"elementor-element elementor-element-20c7ea8 elementor-widget elementor-widget-text-editor\" data-id=\"20c7ea8\" data-element_type=\"widget\" data-e-type=\"widget\" data-widget_type=\"text-editor.default\">\n\t\t\t\t<div class=\"elementor-widget-container\">\n\t\t\t\t\t\t\t\t\tSe tiver alguma quest\u00e3o ou pretender mais informa\u00e7\u00f5es, contacte-nos.\t\t\t\t\t\t\t\t<\/div>\n\t\t\t\t<\/div>\n\t\t\t\t<div class=\"elementor-element elementor-element-a83ac97 label-float formulario  elementor-button-align-center elementor-widget__width-initial elementor-widget-laptop__width-initial elementor-widget-mobile__width-inherit elementor-widget elementor-widget-form\" data-id=\"a83ac97\" data-element_type=\"widget\" data-e-type=\"widget\" data-settings=\"{&quot;step_next_label&quot;:&quot;Next&quot;,&quot;step_previous_label&quot;:&quot;Previous&quot;,&quot;button_width&quot;:&quot;100&quot;,&quot;step_type&quot;:&quot;number_text&quot;,&quot;step_icon_shape&quot;:&quot;circle&quot;}\" data-widget_type=\"form.default\">\n\t\t\t\t<div class=\"elementor-widget-container\">\n\t\t\t\t\t\t\t<form class=\"elementor-form\" method=\"post\" id=\"contact_form\" name=\"FORM - CONTACTOS FEEL ARCH\" aria-label=\"FORM - CONTACTOS FEEL ARCH\">\n\t\t\t<input type=\"hidden\" name=\"post_id\" value=\"1061\"\/>\n\t\t\t<input type=\"hidden\" name=\"form_id\" value=\"a83ac97\"\/>\n\t\t\t<input type=\"hidden\" name=\"referer_title\" value=\"Contactos Est\u00fadio de Arquitetura e Interiores no Porto | Feel Arch\" \/>\n\n\t\t\t\t\t\t\t<input type=\"hidden\" name=\"queried_id\" value=\"1061\"\/>\n\t\t\t\n\t\t\t<div class=\"elementor-form-fields-wrapper elementor-labels-above\">\n\t\t\t\t\t\t\t\t<div class=\"elementor-field-type-text elementor-field-group elementor-column elementor-field-group-field_5d99870 elementor-col-50 elementor-field-required\">\n\t\t\t\t\t\t\t\t\t\t\t\t<label for=\"form-field-field_5d99870\" class=\"elementor-field-label\">\n\t\t\t\t\t\t\t\tPrimeiro nome\t\t\t\t\t\t\t<\/label>\n\t\t\t\t\t\t\t\t\t\t\t\t\t\t<input size=\"1\" type=\"text\" name=\"form_fields[field_5d99870]\" id=\"form-field-field_5d99870\" class=\"elementor-field elementor-size-sm  elementor-field-textual\" placeholder=\"Primeiro nome\" required=\"required\">\n\t\t\t\t\t\t\t\t\t\t\t<\/div>\n\t\t\t\t\t\t\t\t<div class=\"elementor-field-type-text elementor-field-group elementor-column elementor-field-group-field_ca7b246 elementor-col-50 elementor-field-required\">\n\t\t\t\t\t\t\t\t\t\t\t\t<label for=\"form-field-field_ca7b246\" class=\"elementor-field-label\">\n\t\t\t\t\t\t\t\tUltimo nome\t\t\t\t\t\t\t<\/label>\n\t\t\t\t\t\t\t\t\t\t\t\t\t\t<input size=\"1\" type=\"text\" name=\"form_fields[field_ca7b246]\" id=\"form-field-field_ca7b246\" class=\"elementor-field elementor-size-sm  elementor-field-textual\" placeholder=\"Ultimo nome\" required=\"required\">\n\t\t\t\t\t\t\t\t\t\t\t<\/div>\n\t\t\t\t\t\t\t\t<div class=\"elementor-field-type-tel elementor-field-group elementor-column elementor-field-group-tel elementor-col-50 elementor-field-required\">\n\t\t\t\t\t\t\t\t\t\t\t\t<label for=\"form-field-tel\" class=\"elementor-field-label\">\n\t\t\t\t\t\t\t\tN\u00famero do telem\u00f3vel\t\t\t\t\t\t\t<\/label>\n\t\t\t\t\t\t\t\t<input size=\"1\" type=\"tel\" name=\"form_fields[tel]\" id=\"form-field-tel\" class=\"elementor-field elementor-size-sm  elementor-field-textual\" placeholder=\"N\u00famero do telem\u00f3vel\" required=\"required\" pattern=\"[0-9()#&amp;+*-=.]+\" title=\"Only numbers and phone characters (#, -, *, etc) are accepted.\">\n\n\t\t\t\t\t\t<\/div>\n\t\t\t\t\t\t\t\t<div class=\"elementor-field-type-email elementor-field-group elementor-column elementor-field-group-field_9a49b0c elementor-col-50 elementor-field-required\">\n\t\t\t\t\t\t\t\t\t\t\t\t<label for=\"form-field-field_9a49b0c\" class=\"elementor-field-label\">\n\t\t\t\t\t\t\t\tEmail\t\t\t\t\t\t\t<\/label>\n\t\t\t\t\t\t\t\t\t\t\t\t\t\t<input size=\"1\" type=\"email\" name=\"form_fields[field_9a49b0c]\" id=\"form-field-field_9a49b0c\" class=\"elementor-field elementor-size-sm  elementor-field-textual\" placeholder=\"Email \" required=\"required\">\n\t\t\t\t\t\t\t\t\t\t\t<\/div>\n\t\t\t\t\t\t\t\t<div class=\"elementor-field-type-text elementor-field-group elementor-column elementor-field-group-field_bf70dc9 elementor-col-100\">\n\t\t\t\t\t\t\t\t\t\t\t\t<label for=\"form-field-field_bf70dc9\" class=\"elementor-field-label\">\n\t\t\t\t\t\t\t\tNome da empresa\t\t\t\t\t\t\t<\/label>\n\t\t\t\t\t\t\t\t\t\t\t\t\t\t<input size=\"1\" type=\"text\" name=\"form_fields[field_bf70dc9]\" id=\"form-field-field_bf70dc9\" class=\"elementor-field elementor-size-sm  elementor-field-textual\" placeholder=\"Nome da empresa\">\n\t\t\t\t\t\t\t\t\t\t\t<\/div>\n\t\t\t\t\t\t\t\t<div class=\"elementor-field-type-textarea elementor-field-group elementor-column elementor-field-group-message elementor-col-100\">\n\t\t\t\t\t\t\t\t\t\t\t\t<label for=\"form-field-message\" class=\"elementor-field-label\">\n\t\t\t\t\t\t\t\tMensagem\t\t\t\t\t\t\t<\/label>\n\t\t\t\t\t\t<textarea class=\"elementor-field-textual elementor-field  elementor-size-sm\" name=\"form_fields[message]\" id=\"form-field-message\" rows=\"4\" placeholder=\"Mensagem\"><\/textarea>\t\t\t\t<\/div>\n\t\t\t\t\t\t\t\t<div class=\"elementor-field-type-acceptance elementor-field-group elementor-column elementor-field-group-field_5b4f9e9 elementor-col-100 elementor-field-required\">\n\t\t\t\t\t\t\t<div class=\"elementor-field-subgroup\">\n\t\t\t<span class=\"elementor-field-option\">\n\t\t\t\t<input type=\"checkbox\" name=\"form_fields[field_5b4f9e9]\" id=\"form-field-field_5b4f9e9\" class=\"elementor-field elementor-size-sm  elementor-acceptance-field\" required=\"required\" checked=\"checked\">\n\t\t\t\t<label for=\"form-field-field_5b4f9e9\">Eu concordo com os termos e condi\u00e7\u00f5es<\/label>\t\t\t<\/span>\n\t\t<\/div>\n\t\t\t\t\t\t<\/div>\n\t\t\t\t\t\t\t\t<div class=\"elementor-field-type-text\">\n\t\t\t\t\t<input size=\"1\" type=\"text\" name=\"form_fields[field_786fad5]\" id=\"form-field-field_786fad5\" class=\"elementor-field elementor-size-sm \" style=\"display:none !important;\">\t\t\t\t<\/div>\n\t\t\t\t\t\t\t\t<div class=\"elementor-field-group elementor-column elementor-field-type-submit elementor-col-100 e-form__buttons\">\n\t\t\t\t\t<button class=\"elementor-button elementor-size-sm\" type=\"submit\">\n\t\t\t\t\t\t<span class=\"elementor-button-content-wrapper\">\n\t\t\t\t\t\t\t\t\t\t\t\t\t\t\t\t\t\t\t\t\t\t<span class=\"elementor-button-text\">Enviar<\/span>\n\t\t\t\t\t\t\t\t\t\t\t\t\t<\/span>\n\t\t\t\t\t<\/button>\n\t\t\t\t<\/div>\n\t\t\t<\/div>\n\t\t<\/form>\n\t\t\t\t\t\t<\/div>\n\t\t\t\t<\/div>\n\t\t\t\t\t<\/div>\n\t\t\t\t<\/div>\n\t\t\t\t<\/div>\n\t\t","protected":false},"excerpt":{"rendered":"<p>If you have any questions or would like more information, please contact us<\/p>","protected":false},"author":1,"featured_media":0,"parent":0,"menu_order":0,"comment_status":"closed","ping_status":"closed","template":"","meta":{"footnotes":""},"class_list":["post-1061","page","type-page","status-publish","hentry"],"yoast_head":"<!-- This site is optimized with the Yoast SEO plugin v27.5 - https:\/\/yoast.com\/product\/yoast-seo-wordpress\/ -->\n<title>Contactos Est\u00fadio de Arquitetura e Interiores no Porto | Feel Arch<\/title>\n<meta name=\"description\" content=\"Gostavas de transformar o teu espa\u00e7o com um projeto exclusivo no Porto? Contacta-nos e descobre como podemos ajudar.\" \/>\n<meta name=\"robots\" content=\"index, follow, max-snippet:-1, max-image-preview:large, max-video-preview:-1\" \/>\n<link rel=\"canonical\" href=\"https:\/\/feelarch.design\/en\/contact\/\" \/>\n<meta property=\"og:locale\" content=\"en_US\" \/>\n<meta property=\"og:type\" content=\"article\" \/>\n<meta property=\"og:title\" content=\"Contactos Est\u00fadio de Arquitetura e Interiores no Porto | Feel Arch\" \/>\n<meta property=\"og:description\" content=\"Gostavas de transformar o teu espa\u00e7o com um projeto exclusivo no Porto? Contacta-nos e descobre como podemos ajudar.\" \/>\n<meta property=\"og:url\" content=\"https:\/\/feelarch.design\/en\/contact\/\" \/>\n<meta property=\"og:site_name\" content=\"Feel Arch\" \/>\n<meta property=\"article:modified_time\" content=\"2026-01-09T14:52:24+00:00\" \/>\n<meta name=\"twitter:card\" content=\"summary_large_image\" \/>\n<meta name=\"twitter:label1\" content=\"Est. reading time\" \/>\n\t<meta name=\"twitter:data1\" content=\"1 minute\" \/>\n<script type=\"application\/ld+json\" class=\"yoast-schema-graph\">{\"@context\":\"https:\\\/\\\/schema.org\",\"@graph\":[{\"@type\":\"WebPage\",\"@id\":\"https:\\\/\\\/feelarch.design\\\/contacto\\\/\",\"url\":\"https:\\\/\\\/feelarch.design\\\/contacto\\\/\",\"name\":\"Contactos Est\u00fadio de Arquitetura e Interiores no Porto | Feel Arch\",\"isPartOf\":{\"@id\":\"https:\\\/\\\/feelarch.design\\\/#website\"},\"datePublished\":\"2025-07-04T15:37:00+00:00\",\"dateModified\":\"2026-01-09T14:52:24+00:00\",\"description\":\"Gostavas de transformar o teu espa\u00e7o com um projeto exclusivo no Porto? Contacta-nos e descobre como podemos ajudar.\",\"breadcrumb\":{\"@id\":\"https:\\\/\\\/feelarch.design\\\/contacto\\\/#breadcrumb\"},\"inLanguage\":\"en-US\",\"potentialAction\":[{\"@type\":\"ReadAction\",\"target\":[\"https:\\\/\\\/feelarch.design\\\/contacto\\\/\"]}]},{\"@type\":\"BreadcrumbList\",\"@id\":\"https:\\\/\\\/feelarch.design\\\/contacto\\\/#breadcrumb\",\"itemListElement\":[{\"@type\":\"ListItem\",\"position\":1,\"name\":\"Home\",\"item\":\"https:\\\/\\\/feelarch.design\\\/\"},{\"@type\":\"ListItem\",\"position\":2,\"name\":\"Contacto\"}]},{\"@type\":\"WebSite\",\"@id\":\"https:\\\/\\\/feelarch.design\\\/#website\",\"url\":\"https:\\\/\\\/feelarch.design\\\/\",\"name\":\"Feel Arch\",\"description\":\"Architecture for living\",\"publisher\":{\"@id\":\"https:\\\/\\\/feelarch.design\\\/#organization\"},\"potentialAction\":[{\"@type\":\"SearchAction\",\"target\":{\"@type\":\"EntryPoint\",\"urlTemplate\":\"https:\\\/\\\/feelarch.design\\\/?s={search_term_string}\"},\"query-input\":{\"@type\":\"PropertyValueSpecification\",\"valueRequired\":true,\"valueName\":\"search_term_string\"}}],\"inLanguage\":\"en-US\"},{\"@type\":\"Organization\",\"@id\":\"https:\\\/\\\/feelarch.design\\\/#organization\",\"name\":\"Feel Arch\",\"url\":\"https:\\\/\\\/feelarch.design\\\/\",\"logo\":{\"@type\":\"ImageObject\",\"inLanguage\":\"en-US\",\"@id\":\"https:\\\/\\\/feelarch.design\\\/#\\\/schema\\\/logo\\\/image\\\/\",\"url\":\"https:\\\/\\\/feelarch.design\\\/wp-content\\\/uploads\\\/2025\\\/06\\\/LOGO_feel-arch_HORIZONTAL_TERRACOTA.svg\",\"contentUrl\":\"https:\\\/\\\/feelarch.design\\\/wp-content\\\/uploads\\\/2025\\\/06\\\/LOGO_feel-arch_HORIZONTAL_TERRACOTA.svg\",\"width\":177,\"height\":52,\"caption\":\"Feel Arch\"},\"image\":{\"@id\":\"https:\\\/\\\/feelarch.design\\\/#\\\/schema\\\/logo\\\/image\\\/\"}}]}<\/script>\n<!-- \/ Yoast SEO plugin. -->","yoast_head_json":{"title":"Contactos Est\u00fadio de Arquitetura e Interiores no Porto | Feel Arch","description":"Gostavas de transformar o teu espa\u00e7o com um projeto exclusivo no Porto? Contacta-nos e descobre como podemos ajudar.","robots":{"index":"index","follow":"follow","max-snippet":"max-snippet:-1","max-image-preview":"max-image-preview:large","max-video-preview":"max-video-preview:-1"},"canonical":"https:\/\/feelarch.design\/en\/contact\/","og_locale":"en_US","og_type":"article","og_title":"Contactos Est\u00fadio de Arquitetura e Interiores no Porto | Feel Arch","og_description":"Gostavas de transformar o teu espa\u00e7o com um projeto exclusivo no Porto? Contacta-nos e descobre como podemos ajudar.","og_url":"https:\/\/feelarch.design\/en\/contact\/","og_site_name":"Feel Arch","article_modified_time":"2026-01-09T14:52:24+00:00","twitter_card":"summary_large_image","twitter_misc":{"Est. reading time":"1 minute"},"schema":{"@context":"https:\/\/schema.org","@graph":[{"@type":"WebPage","@id":"https:\/\/feelarch.design\/contacto\/","url":"https:\/\/feelarch.design\/contacto\/","name":"Contactos Est\u00fadio de Arquitetura e Interiores no Porto | Feel Arch","isPartOf":{"@id":"https:\/\/feelarch.design\/#website"},"datePublished":"2025-07-04T15:37:00+00:00","dateModified":"2026-01-09T14:52:24+00:00","description":"Gostavas de transformar o teu espa\u00e7o com um projeto exclusivo no Porto? Contacta-nos e descobre como podemos ajudar.","breadcrumb":{"@id":"https:\/\/feelarch.design\/contacto\/#breadcrumb"},"inLanguage":"en-US","potentialAction":[{"@type":"ReadAction","target":["https:\/\/feelarch.design\/contacto\/"]}]},{"@type":"BreadcrumbList","@id":"https:\/\/feelarch.design\/contacto\/#breadcrumb","itemListElement":[{"@type":"ListItem","position":1,"name":"Home","item":"https:\/\/feelarch.design\/"},{"@type":"ListItem","position":2,"name":"Contacto"}]},{"@type":"WebSite","@id":"https:\/\/feelarch.design\/#website","url":"https:\/\/feelarch.design\/","name":"Feel Arch","description":"Architecture for living","publisher":{"@id":"https:\/\/feelarch.design\/#organization"},"potentialAction":[{"@type":"SearchAction","target":{"@type":"EntryPoint","urlTemplate":"https:\/\/feelarch.design\/?s={search_term_string}"},"query-input":{"@type":"PropertyValueSpecification","valueRequired":true,"valueName":"search_term_string"}}],"inLanguage":"en-US"},{"@type":"Organization","@id":"https:\/\/feelarch.design\/#organization","name":"Feel Arch","url":"https:\/\/feelarch.design\/","logo":{"@type":"ImageObject","inLanguage":"en-US","@id":"https:\/\/feelarch.design\/#\/schema\/logo\/image\/","url":"https:\/\/feelarch.design\/wp-content\/uploads\/2025\/06\/LOGO_feel-arch_HORIZONTAL_TERRACOTA.svg","contentUrl":"https:\/\/feelarch.design\/wp-content\/uploads\/2025\/06\/LOGO_feel-arch_HORIZONTAL_TERRACOTA.svg","width":177,"height":52,"caption":"Feel Arch"},"image":{"@id":"https:\/\/feelarch.design\/#\/schema\/logo\/image\/"}}]}},"_links":{"self":[{"href":"https:\/\/feelarch.design\/en\/wp-json\/wp\/v2\/pages\/1061","targetHints":{"allow":["GET"]}}],"collection":[{"href":"https:\/\/feelarch.design\/en\/wp-json\/wp\/v2\/pages"}],"about":[{"href":"https:\/\/feelarch.design\/en\/wp-json\/wp\/v2\/types\/page"}],"author":[{"embeddable":true,"href":"https:\/\/feelarch.design\/en\/wp-json\/wp\/v2\/users\/1"}],"replies":[{"embeddable":true,"href":"https:\/\/feelarch.design\/en\/wp-json\/wp\/v2\/comments?post=1061"}],"version-history":[{"count":98,"href":"https:\/\/feelarch.design\/en\/wp-json\/wp\/v2\/pages\/1061\/revisions"}],"predecessor-version":[{"id":4039,"href":"https:\/\/feelarch.design\/en\/wp-json\/wp\/v2\/pages\/1061\/revisions\/4039"}],"wp:attachment":[{"href":"https:\/\/feelarch.design\/en\/wp-json\/wp\/v2\/media?parent=1061"}],"curies":[{"name":"wp","href":"https:\/\/api.w.org\/{rel}","templated":true}]}}